{"id":1290,"date":"2019-10-17T20:43:54","date_gmt":"2019-10-17T18:43:54","guid":{"rendered":"https:\/\/boogie-festival.ch\/temoignages\/"},"modified":"2024-01-02T19:10:51","modified_gmt":"2024-01-02T18:10:51","slug":"temoignages","status":"publish","type":"page","link":"https:\/\/boogie-festival.ch\/de\/temoignages\/","title":{"rendered":"T\u00e9moignages 2019"},"content":{"rendered":"<div  class='avia-testimonial-wrapper av-jwgtpdon-5b7512cd5f38788913b8ce7bd4a5382a avia-grid-testimonials avia-grid-2-testimonials avia_animate_when_almost_visible' >\n<section class=\"avia-testimonial-row\"><div class='avia-testimonial av-3n9xx-abe3ba86af9e6d5f5ba4988142f57f41 avia-testimonial-row-1 avia-first-testimonial flex_column no_margin av_one_half'><div class='avia-testimonial_inner'  itemscope=\"itemscope\" itemtype=\"https:\/\/schema.org\/CreativeWork\" ><div class='avia-testimonial-content '><div class='avia-testimonial-markup-entry-content'  itemprop=\"text\" ><p><em>Tr\u00e8s belle prestation pour une petite ville comme La Neuveville. A renouveler.<\/em><\/p>\n<\/div><\/div><div class=\"avia-testimonial-meta\"><div class=\"avia-testimonial-arrow-wrap\"><div class=\"avia-arrow\"><\/div><\/div><div class='avia-testimonial-meta-mini'  itemprop=\"author\" itemscope=\"itemscope\" itemtype=\"https:\/\/schema.org\/Person\" ><\/div><\/div><\/div><\/div>\n<div class='avia-testimonial av-3gwup-e6a0994fd8cf58a06378029069d98b1d avia-testimonial-row-1 avia-last-testimonial flex_column no_margin av_one_half'><div class='avia-testimonial_inner'  itemscope=\"itemscope\" itemtype=\"https:\/\/schema.org\/CreativeWork\" ><div class='avia-testimonial-content '><div class='avia-testimonial-markup-entry-content'  itemprop=\"text\" ><p><em>Soir\u00e9e au top ! Tr\u00e8s bons concerts, avons sp\u00e9cialement appr\u00e9ci\u00e9 les surprises. Un b\u00e9mol: les salles un peu justes en dimensions. Avons pass\u00e9 une tr\u00e8s bonne soir\u00e9e.<\/em><\/p>\n<\/div><\/div><div class=\"avia-testimonial-meta\"><div class=\"avia-testimonial-arrow-wrap\"><div class=\"avia-arrow\"><\/div><\/div><div class='avia-testimonial-meta-mini'  itemprop=\"author\" itemscope=\"itemscope\" itemtype=\"https:\/\/schema.org\/Person\" ><\/div><\/div><\/div><\/div><\/section>\n<section class=\"avia-testimonial-row\"><div class='avia-testimonial av-2uzf9-4f18dce1c214568b6240558ce99463f0 avia-testimonial-row-2 avia-first-testimonial flex_column no_margin av_one_half'><div class='avia-testimonial_inner'  itemscope=\"itemscope\" itemtype=\"https:\/\/schema.org\/CreativeWork\" ><div class='avia-testimonial-content '><div class='avia-testimonial-markup-entry-content'  itemprop=\"text\" ><p><em>Juste parfait, se sont exactement ces spectacles l\u00e0 que demandent les gens, croyez-moi ou pas ce Festival est le premier d&#8217;une longue s\u00e9rie&#8230;!<br \/>\nImpeccable&#8230;!<\/em><\/p>\n<\/div><\/div><div class=\"avia-testimonial-meta\"><div class=\"avia-testimonial-arrow-wrap\"><div class=\"avia-arrow\"><\/div><\/div><div class='avia-testimonial-meta-mini'  itemprop=\"author\" itemscope=\"itemscope\" itemtype=\"https:\/\/schema.org\/Person\" ><\/div><\/div><\/div><\/div>\n<div class='avia-testimonial av-1wat9-b33eb4ecbceea86527be6a9edede6875 avia-testimonial-row-2 avia-last-testimonial flex_column no_margin av_one_half'><div class='avia-testimonial_inner'  itemscope=\"itemscope\" itemtype=\"https:\/\/schema.org\/CreativeWork\" ><div class='avia-testimonial-content '><div class='avia-testimonial-markup-entry-content'  itemprop=\"text\" ><p><em>Excellente soir\u00e9e. Tr\u00e8s sympa d&#8217;\u00e9couter 3 pianistes dans trois lieux diff\u00e9rents. A r\u00e9\u00e9diter l&#8217;ann\u00e9e prochaine.<\/em><\/p>\n<\/div><\/div><div class=\"avia-testimonial-meta\"><div class=\"avia-testimonial-arrow-wrap\"><div class=\"avia-arrow\"><\/div><\/div><div class='avia-testimonial-meta-mini'  itemprop=\"author\" itemscope=\"itemscope\" itemtype=\"https:\/\/schema.org\/Person\" ><\/div><\/div><\/div><\/div><\/section>\n<section class=\"avia-testimonial-row\"><div class='avia-testimonial av-1ogmx-d924f0ffdfab068fdca18bfd9f0d55c6 avia-testimonial-row-3 avia-first-testimonial flex_column no_margin av_one_half'><div class='avia-testimonial_inner'  itemscope=\"itemscope\" itemtype=\"https:\/\/schema.org\/CreativeWork\" ><div class='avia-testimonial-content '><div class='avia-testimonial-markup-entry-content'  itemprop=\"text\" ><p><em>Soir\u00e9e exceptionnelle, belle ambiance, cadre magnifique et des artistes de talent! Vivement l&#8217;ann\u00e9e prochaine, merci!<\/em><\/p>\n<\/div><\/div><div class=\"avia-testimonial-meta\"><div class=\"avia-testimonial-arrow-wrap\"><div class=\"avia-arrow\"><\/div><\/div><div class='avia-testimonial-meta-mini'  itemprop=\"author\" itemscope=\"itemscope\" itemtype=\"https:\/\/schema.org\/Person\" ><\/div><\/div><\/div><\/div>\n<div class='avia-testimonial av-a06rd-568826efdb63a4609efff7219bf0f7de avia-testimonial-row-3 avia-last-testimonial flex_column no_margin av_one_half'><div class='avia-testimonial_inner'  itemscope=\"itemscope\" itemtype=\"https:\/\/schema.org\/CreativeWork\" ><div class='avia-testimonial-content '><div class='avia-testimonial-markup-entry-content'  itemprop=\"text\" ><p><em>Es einfach super. Wir durften die gute Musik und das Tanzen in vollen Z\u00fcgen geniessen. Allen Pianisten und auch der super Steppt\u00e4nzerin vielen Dank sowie vielen Dank dass wir der Afterparty beiwohnen duften und wir kulinarisch versorgt wurden. Es war einfach MEGA. Wir kommen gerne wieder.<\/em><\/p>\n<\/div><\/div><div class=\"avia-testimonial-meta\"><div class=\"avia-testimonial-arrow-wrap\"><div class=\"avia-arrow\"><\/div><\/div><div class='avia-testimonial-meta-mini'  itemprop=\"author\" itemscope=\"itemscope\" itemtype=\"https:\/\/schema.org\/Person\" ><\/div><\/div><\/div><\/div><\/section>\n<section class=\"avia-testimonial-row\"><div class='avia-testimonial av-9ejd1-129adfac86d91471db76e22e74f319fb avia-testimonial-row-4 avia-first-testimonial flex_column no_margin av_one_half'><div class='avia-testimonial_inner'  itemscope=\"itemscope\" itemtype=\"https:\/\/schema.org\/CreativeWork\" ><div class='avia-testimonial-content '><div class='avia-testimonial-markup-entry-content'  itemprop=\"text\" ><p><em>Magnifique soir\u00e9e. A refaire.<\/em><\/p>\n<\/div><\/div><div class=\"avia-testimonial-meta\"><div class=\"avia-testimonial-arrow-wrap\"><div class=\"avia-arrow\"><\/div><\/div><div class='avia-testimonial-meta-mini'  itemprop=\"author\" itemscope=\"itemscope\" itemtype=\"https:\/\/schema.org\/Person\" ><\/div><\/div><\/div><\/div>\n<div class='avia-testimonial av-8mbgt-3199dcd5fed2d65e3c84799e4aae544d avia-testimonial-row-4 avia-last-testimonial flex_column no_margin av_one_half'><div class='avia-testimonial_inner'  itemscope=\"itemscope\" itemtype=\"https:\/\/schema.org\/CreativeWork\" ><div class='avia-testimonial-content '><div class='avia-testimonial-markup-entry-content'  itemprop=\"text\" ><p><em>Bravo prestations fantastiques, bonne ambiance, organisation au top<\/em><\/p>\n<\/div><\/div><div class=\"avia-testimonial-meta\"><div class=\"avia-testimonial-arrow-wrap\"><div class=\"avia-arrow\"><\/div><\/div><div class='avia-testimonial-meta-mini'  itemprop=\"author\" itemscope=\"itemscope\" itemtype=\"https:\/\/schema.org\/Person\" ><\/div><\/div><\/div><\/div><\/section>\n<section class=\"avia-testimonial-row\"><div class='avia-testimonial av-84i15-1af28e8f486f005b378497379a21e42d avia-testimonial-row-5 avia-first-testimonial flex_column no_margin av_one_half'><div class='avia-testimonial_inner'  itemscope=\"itemscope\" itemtype=\"https:\/\/schema.org\/CreativeWork\" ><div class='avia-testimonial-content '><div class='avia-testimonial-markup-entry-content'  itemprop=\"text\" ><p><em>C&#8217;\u00e9tait un parfait r\u00e9gal. A renouveler. Merci pour l&#8217;organisation.<\/em><\/p>\n<\/div><\/div><div class=\"avia-testimonial-meta\"><div class=\"avia-testimonial-arrow-wrap\"><div class=\"avia-arrow\"><\/div><\/div><div class='avia-testimonial-meta-mini'  itemprop=\"author\" itemscope=\"itemscope\" itemtype=\"https:\/\/schema.org\/Person\" ><\/div><\/div><\/div><\/div>\n<div class='avia-testimonial av-7neit-c29609439d510cd5e6cce9037303c71f avia-testimonial-row-5 avia-last-testimonial flex_column no_margin av_one_half'><div class='avia-testimonial_inner'  itemscope=\"itemscope\" itemtype=\"https:\/\/schema.org\/CreativeWork\" ><div class='avia-testimonial-content '><div class='avia-testimonial-markup-entry-content'  itemprop=\"text\" ><p><em>G\u00e9nial, vraiment bien !! vivement l\u2019ann\u00e9e prochaine&#8230;.<\/em><\/p>\n<\/div><\/div><div class=\"avia-testimonial-meta\"><div class=\"avia-testimonial-arrow-wrap\"><div class=\"avia-arrow\"><\/div><\/div><div class='avia-testimonial-meta-mini'  itemprop=\"author\" itemscope=\"itemscope\" itemtype=\"https:\/\/schema.org\/Person\" ><\/div><\/div><\/div><\/div><\/section>\n<section class=\"avia-testimonial-row\"><div class='avia-testimonial av-6n6th-6d037be19eda585493fbefa524b90232 avia-testimonial-row-6 avia-first-testimonial flex_column no_margin av_one_half'><div class='avia-testimonial_inner'  itemscope=\"itemscope\" itemtype=\"https:\/\/schema.org\/CreativeWork\" ><div class='avia-testimonial-content '><div class='avia-testimonial-markup-entry-content'  itemprop=\"text\" ><p><em>Ambiente wundersch\u00f6n, harmonisch und tolle Musik. Bravo et Merci aux organisateurs :). Nous aimerions voir plus l&#8217;ann\u00e9e prochaine.<\/em><\/p>\n<\/div><\/div><div class=\"avia-testimonial-meta\"><div class=\"avia-testimonial-arrow-wrap\"><div class=\"avia-arrow\"><\/div><\/div><div class='avia-testimonial-meta-mini'  itemprop=\"author\" itemscope=\"itemscope\" itemtype=\"https:\/\/schema.org\/Person\" ><\/div><\/div><\/div><\/div>\n<div class='avia-testimonial av-6ifd9-6bcfcdbf190a21cf88060ade3a02d811 avia-testimonial-row-6 avia-last-testimonial flex_column no_margin av_one_half'><div class='avia-testimonial_inner'  itemscope=\"itemscope\" itemtype=\"https:\/\/schema.org\/CreativeWork\" ><div class='avia-testimonial-content '><div class='avia-testimonial-markup-entry-content'  itemprop=\"text\" ><p><em>Festival 2019 de La Neuveville : Un tr\u00e8s bon accueil&#8230; Une tr\u00e8s bonne organisation&#8230; Une belle commune&#8230;. Un beau lac&#8230;. Des pianistes &#8222;haut de gamme&#8220; (!!!). On en oublie facilement les kilom\u00e8tres parcourus depuis la France ! Merci pour ce tr\u00e8s agr\u00e9able week-end en Suisse.<\/em><\/p>\n<\/div><\/div><div class=\"avia-testimonial-meta\"><div class=\"avia-testimonial-arrow-wrap\"><div class=\"avia-arrow\"><\/div><\/div><div class='avia-testimonial-meta-mini'  itemprop=\"author\" itemscope=\"itemscope\" itemtype=\"https:\/\/schema.org\/Person\" ><\/div><\/div><\/div><\/div><\/section>\n<section class=\"avia-testimonial-row\"><div class='avia-testimonial av-5m7st-4adea7a092726ee9c309aaaa629e2dd7 avia-testimonial-row-7 avia-first-testimonial flex_column no_margin av_one_half'><div class='avia-testimonial_inner'  itemscope=\"itemscope\" itemtype=\"https:\/\/schema.org\/CreativeWork\" ><div class='avia-testimonial-content '><div class='avia-testimonial-markup-entry-content'  itemprop=\"text\" ><p><em>Manifestation sensationnelle, organis\u00e9e dans les moindres d\u00e9tails. Super ambiance. merci aux organisateurs et \u00e0 tous les b\u00e9n\u00e9voles pour ces deux soir\u00e9es inoubliables et \u00e0 l&#8217;ann\u00e9e prochaine, j&#8217;esp\u00e8re<\/em><\/p>\n<\/div><\/div><div class=\"avia-testimonial-meta\"><div class=\"avia-testimonial-arrow-wrap\"><div class=\"avia-arrow\"><\/div><\/div><div class='avia-testimonial-meta-mini'  itemprop=\"author\" itemscope=\"itemscope\" itemtype=\"https:\/\/schema.org\/Person\" ><\/div><\/div><\/div><\/div>\n<div class='avia-testimonial av-4toep-158c12bc10daf36b130000a465447056 avia-testimonial-row-7 avia-last-testimonial flex_column no_margin av_one_half'><div class='avia-testimonial_inner'  itemscope=\"itemscope\" itemtype=\"https:\/\/schema.org\/CreativeWork\" ><div class='avia-testimonial-content '><div class='avia-testimonial-markup-entry-content'  itemprop=\"text\" ><p><em>Super!!! Nous avons pass\u00e9 2 magnifiques soir\u00e9es. Un grand MERCI \u00e0 tous.<\/em><\/p>\n<\/div><\/div><div class=\"avia-testimonial-meta\"><div class=\"avia-testimonial-arrow-wrap\"><div class=\"avia-arrow\"><\/div><\/div><div class='avia-testimonial-meta-mini'  itemprop=\"author\" itemscope=\"itemscope\" itemtype=\"https:\/\/schema.org\/Person\" ><\/div><\/div><\/div><\/div><\/section>\n<section class=\"avia-testimonial-row\"><div class='avia-testimonial av-fx0d-6daf25bf31f5667a37f39313a40894fb avia-testimonial-row-8 avia-first-testimonial flex_column no_margin av_one_half'><div class='avia-testimonial_inner'  itemscope=\"itemscope\" itemtype=\"https:\/\/schema.org\/CreativeWork\" ><div class='avia-testimonial-content '><div class='avia-testimonial-markup-entry-content'  itemprop=\"text\" ><p><em>tout fut vraiment super,l`id\u00e9e du premier soir a dynamis\u00e9 le tout et se fut agr\u00e9able d`avoir un peu plus de place ,et un endroit pour les danseurs qui animent tr\u00e8s joliment la soir\u00e9e.Il serait bien de savoir ou se produise exactement les invit\u00e9es ,les pianistes fixe est une bonne id\u00e9e.merci a tous!!!<\/em><\/p>\n<\/div><\/div><div class=\"avia-testimonial-meta\"><div class=\"avia-testimonial-arrow-wrap\"><div class=\"avia-arrow\"><\/div><\/div><div class='avia-testimonial-meta-mini'  itemprop=\"author\" itemscope=\"itemscope\" itemtype=\"https:\/\/schema.org\/Person\" ><\/div><\/div><\/div><\/div>\n<div class='avia-testimonial av-40mnh-7a982ea328b2f6d467cc00b75a025dd1 avia-testimonial-row-8 avia-last-testimonial flex_column no_margin av_one_half'><div class='avia-testimonial_inner'  itemscope=\"itemscope\" itemtype=\"https:\/\/schema.org\/CreativeWork\" ><div class='avia-testimonial-content '><div class='avia-testimonial-markup-entry-content'  itemprop=\"text\" ><p><em>&#8230;.si j ai aim\u00e9 ? j ai Aa Doo R\u00e9\u00e9 !!!!<\/em><\/p>\n<\/div><\/div><div class=\"avia-testimonial-meta\"><div class=\"avia-testimonial-arrow-wrap\"><div class=\"avia-arrow\"><\/div><\/div><div class='avia-testimonial-meta-mini'  itemprop=\"author\" itemscope=\"itemscope\" itemtype=\"https:\/\/schema.org\/Person\" ><\/div><\/div><\/div><\/div><\/section>\n<section class=\"avia-testimonial-row\"><div class='avia-testimonial av-3j4v9-5ad80968ac92e421ac0ab5b6cce745f3 avia-testimonial-row-9 avia-first-testimonial flex_column no_margin av_one_half'><div class='avia-testimonial_inner'  itemscope=\"itemscope\" itemtype=\"https:\/\/schema.org\/CreativeWork\" ><div class='avia-testimonial-content '><div class='avia-testimonial-markup-entry-content'  itemprop=\"text\" ><p><em>Tr\u00e8s bonne organisation &#8211; Concert tr\u00e8s bien structur\u00e9 &#8211; Bonne chance pour la suite et MERCI \u00e0 tous ceux qui ont collabor\u00e9 \u00e0 cet \u00e9v\u00e8nement.<\/em><\/p>\n<\/div><\/div><div class=\"avia-testimonial-meta\"><div class=\"avia-testimonial-arrow-wrap\"><div class=\"avia-arrow\"><\/div><\/div><div class='avia-testimonial-meta-mini'  itemprop=\"author\" itemscope=\"itemscope\" itemtype=\"https:\/\/schema.org\/Person\" ><\/div><\/div><\/div><\/div>\n<div class='avia-testimonial av-2gk4t-2f858cb8a169bf961bd652302a8e1f46 avia-testimonial-row-9 avia-last-testimonial flex_column no_margin av_one_half'><div class='avia-testimonial_inner'  itemscope=\"itemscope\" itemtype=\"https:\/\/schema.org\/CreativeWork\" ><div class='avia-testimonial-content '><div class='avia-testimonial-markup-entry-content'  itemprop=\"text\" ><p><em>Excellente musique, superbe ambiance, endroit chaleureux.<\/em><\/p>\n<\/div><\/div><div class=\"avia-testimonial-meta\"><div class=\"avia-testimonial-arrow-wrap\"><div class=\"avia-arrow\"><\/div><\/div><div class='avia-testimonial-meta-mini'  itemprop=\"author\" itemscope=\"itemscope\" itemtype=\"https:\/\/schema.org\/Person\" ><\/div><\/div><\/div><\/div><\/section>\n<section class=\"avia-testimonial-row\"><div class='avia-testimonial av-24i6l-202746c80583cda1f8898ebe635f51b4 avia-testimonial-row-10 avia-first-testimonial flex_column no_margin av_one_half'><div class='avia-testimonial_inner'  itemscope=\"itemscope\" itemtype=\"https:\/\/schema.org\/CreativeWork\" ><div class='avia-testimonial-content '><div class='avia-testimonial-markup-entry-content'  itemprop=\"text\" ><p><em>Superbe soir\u00e9e organis\u00e9e de main de ma\u00eetre et d\u00e9s musiciens hors pair! Un grand merci<\/em><\/p>\n<\/div><\/div><div class=\"avia-testimonial-meta\"><div class=\"avia-testimonial-arrow-wrap\"><div class=\"avia-arrow\"><\/div><\/div><div class='avia-testimonial-meta-mini'  itemprop=\"author\" itemscope=\"itemscope\" itemtype=\"https:\/\/schema.org\/Person\" ><\/div><\/div><\/div><\/div>\n<div class='avia-testimonial av-1obe1-f7233c035295ad19326944befc52e1d6 avia-testimonial-row-10 avia-last-testimonial flex_column no_margin av_one_half'><div class='avia-testimonial_inner'  itemscope=\"itemscope\" itemtype=\"https:\/\/schema.org\/CreativeWork\" ><div class='avia-testimonial-content '><div class='avia-testimonial-markup-entry-content'  itemprop=\"text\" ><p><em>Espace spartiate, manque de confort et de place. Sinon bravo \u00e0 toute l&#8217;\u00e9quipe (musiciens et organisateurs)<\/em><\/p>\n<\/div><\/div><div class=\"avia-testimonial-meta\"><div class=\"avia-testimonial-arrow-wrap\"><div class=\"avia-arrow\"><\/div><\/div><div class='avia-testimonial-meta-mini'  itemprop=\"author\" itemscope=\"itemscope\" itemtype=\"https:\/\/schema.org\/Person\" ><\/div><\/div><\/div><\/div><\/section>\n<\/div>\n","protected":false},"excerpt":{"rendered":"","protected":false},"author":1,"featured_media":0,"parent":0,"menu_order":3,"comment_status":"closed","ping_status":"closed","template":"","meta":{"_acf_changed":false,"footnotes":""},"class_list":["post-1290","page","type-page","status-publish","hentry"],"acf":[],"yoast_head":"<!-- This site is optimized with the Yoast SEO plugin v26.2 - https:\/\/yoast.com\/wordpress\/plugins\/seo\/ -->\n<title>T\u00e9moignages 2019 - Festival de Boogie Woogie La Neuveville<\/title>\n<meta name=\"robots\" content=\"index, follow, max-snippet:-1, max-image-preview:large, max-video-preview:-1\" \/>\n<link rel=\"canonical\" href=\"https:\/\/boogie-festival.ch\/de\/temoignages\/\" \/>\n<meta property=\"og:locale\" content=\"de_DE\" \/>\n<meta property=\"og:type\" content=\"article\" \/>\n<meta property=\"og:title\" content=\"T\u00e9moignages 2019 - Festival de Boogie Woogie La Neuveville\" \/>\n<meta property=\"og:url\" content=\"https:\/\/boogie-festival.ch\/de\/temoignages\/\" \/>\n<meta property=\"og:site_name\" content=\"Festival de Boogie Woogie La Neuveville\" \/>\n<meta property=\"article:modified_time\" content=\"2024-01-02T18:10:51+00:00\" \/>\n<meta name=\"twitter:card\" content=\"summary_large_image\" \/>\n<meta name=\"twitter:label1\" content=\"Gesch\u00e4tzte Lesezeit\" \/>\n\t<meta name=\"twitter:data1\" content=\"5\u00a0Minuten\" \/>\n<script type=\"application\/ld+json\" class=\"yoast-schema-graph\">{\"@context\":\"https:\/\/schema.org\",\"@graph\":[{\"@type\":\"WebPage\",\"@id\":\"https:\/\/boogie-festival.ch\/de\/temoignages\/\",\"url\":\"https:\/\/boogie-festival.ch\/de\/temoignages\/\",\"name\":\"T\u00e9moignages 2019 - Festival de Boogie Woogie La Neuveville\",\"isPartOf\":{\"@id\":\"https:\/\/boogie-festival.ch\/de\/#website\"},\"datePublished\":\"2019-10-17T18:43:54+00:00\",\"dateModified\":\"2024-01-02T18:10:51+00:00\",\"breadcrumb\":{\"@id\":\"https:\/\/boogie-festival.ch\/de\/temoignages\/#breadcrumb\"},\"inLanguage\":\"de\",\"potentialAction\":[{\"@type\":\"ReadAction\",\"target\":[\"https:\/\/boogie-festival.ch\/de\/temoignages\/\"]}]},{\"@type\":\"BreadcrumbList\",\"@id\":\"https:\/\/boogie-festival.ch\/de\/temoignages\/#breadcrumb\",\"itemListElement\":[{\"@type\":\"ListItem\",\"position\":1,\"name\":\"Startseite\",\"item\":\"https:\/\/boogie-festival.ch\/de\/home\/\"},{\"@type\":\"ListItem\",\"position\":2,\"name\":\"T\u00e9moignages 2019\"}]},{\"@type\":\"WebSite\",\"@id\":\"https:\/\/boogie-festival.ch\/de\/#website\",\"url\":\"https:\/\/boogie-festival.ch\/de\/\",\"name\":\"Festival de Boogie Woogie La Neuveville\",\"description\":\"Internationales Boogie Woogie Festival\",\"publisher\":{\"@id\":\"https:\/\/boogie-festival.ch\/de\/#organization\"},\"potentialAction\":[{\"@type\":\"SearchAction\",\"target\":{\"@type\":\"EntryPoint\",\"urlTemplate\":\"https:\/\/boogie-festival.ch\/de\/?s={search_term_string}\"},\"query-input\":{\"@type\":\"PropertyValueSpecification\",\"valueRequired\":true,\"valueName\":\"search_term_string\"}}],\"inLanguage\":\"de\"},{\"@type\":\"Organization\",\"@id\":\"https:\/\/boogie-festival.ch\/de\/#organization\",\"name\":\"Festival de Boogie Woogie\",\"url\":\"https:\/\/boogie-festival.ch\/de\/\",\"logo\":{\"@type\":\"ImageObject\",\"inLanguage\":\"de\",\"@id\":\"https:\/\/boogie-festival.ch\/de\/#\/schema\/logo\/image\/\",\"url\":\"https:\/\/boogie-festival.ch\/wp-content\/uploads\/2018\/07\/FBW_Logo_quadrat.png\",\"contentUrl\":\"https:\/\/boogie-festival.ch\/wp-content\/uploads\/2018\/07\/FBW_Logo_quadrat.png\",\"width\":2777,\"height\":2777,\"caption\":\"Festival de Boogie Woogie\"},\"image\":{\"@id\":\"https:\/\/boogie-festival.ch\/de\/#\/schema\/logo\/image\/\"}}]}<\/script>\n<!-- \/ Yoast SEO plugin. -->","yoast_head_json":{"title":"T\u00e9moignages 2019 - Festival de Boogie Woogie La Neuveville","robots":{"index":"index","follow":"follow","max-snippet":"max-snippet:-1","max-image-preview":"max-image-preview:large","max-video-preview":"max-video-preview:-1"},"canonical":"https:\/\/boogie-festival.ch\/de\/temoignages\/","og_locale":"de_DE","og_type":"article","og_title":"T\u00e9moignages 2019 - Festival de Boogie Woogie La Neuveville","og_url":"https:\/\/boogie-festival.ch\/de\/temoignages\/","og_site_name":"Festival de Boogie Woogie La Neuveville","article_modified_time":"2024-01-02T18:10:51+00:00","twitter_card":"summary_large_image","twitter_misc":{"Gesch\u00e4tzte Lesezeit":"5\u00a0Minuten"},"schema":{"@context":"https:\/\/schema.org","@graph":[{"@type":"WebPage","@id":"https:\/\/boogie-festival.ch\/de\/temoignages\/","url":"https:\/\/boogie-festival.ch\/de\/temoignages\/","name":"T\u00e9moignages 2019 - Festival de Boogie Woogie La Neuveville","isPartOf":{"@id":"https:\/\/boogie-festival.ch\/de\/#website"},"datePublished":"2019-10-17T18:43:54+00:00","dateModified":"2024-01-02T18:10:51+00:00","breadcrumb":{"@id":"https:\/\/boogie-festival.ch\/de\/temoignages\/#breadcrumb"},"inLanguage":"de","potentialAction":[{"@type":"ReadAction","target":["https:\/\/boogie-festival.ch\/de\/temoignages\/"]}]},{"@type":"BreadcrumbList","@id":"https:\/\/boogie-festival.ch\/de\/temoignages\/#breadcrumb","itemListElement":[{"@type":"ListItem","position":1,"name":"Startseite","item":"https:\/\/boogie-festival.ch\/de\/home\/"},{"@type":"ListItem","position":2,"name":"T\u00e9moignages 2019"}]},{"@type":"WebSite","@id":"https:\/\/boogie-festival.ch\/de\/#website","url":"https:\/\/boogie-festival.ch\/de\/","name":"Festival de Boogie Woogie La Neuveville","description":"Internationales Boogie Woogie Festival","publisher":{"@id":"https:\/\/boogie-festival.ch\/de\/#organization"},"potentialAction":[{"@type":"SearchAction","target":{"@type":"EntryPoint","urlTemplate":"https:\/\/boogie-festival.ch\/de\/?s={search_term_string}"},"query-input":{"@type":"PropertyValueSpecification","valueRequired":true,"valueName":"search_term_string"}}],"inLanguage":"de"},{"@type":"Organization","@id":"https:\/\/boogie-festival.ch\/de\/#organization","name":"Festival de Boogie Woogie","url":"https:\/\/boogie-festival.ch\/de\/","logo":{"@type":"ImageObject","inLanguage":"de","@id":"https:\/\/boogie-festival.ch\/de\/#\/schema\/logo\/image\/","url":"https:\/\/boogie-festival.ch\/wp-content\/uploads\/2018\/07\/FBW_Logo_quadrat.png","contentUrl":"https:\/\/boogie-festival.ch\/wp-content\/uploads\/2018\/07\/FBW_Logo_quadrat.png","width":2777,"height":2777,"caption":"Festival de Boogie Woogie"},"image":{"@id":"https:\/\/boogie-festival.ch\/de\/#\/schema\/logo\/image\/"}}]}},"_links":{"self":[{"href":"https:\/\/boogie-festival.ch\/de\/wp-json\/wp\/v2\/pages\/1290","targetHints":{"allow":["GET"]}}],"collection":[{"href":"https:\/\/boogie-festival.ch\/de\/wp-json\/wp\/v2\/pages"}],"about":[{"href":"https:\/\/boogie-festival.ch\/de\/wp-json\/wp\/v2\/types\/page"}],"author":[{"embeddable":true,"href":"https:\/\/boogie-festival.ch\/de\/wp-json\/wp\/v2\/users\/1"}],"replies":[{"embeddable":true,"href":"https:\/\/boogie-festival.ch\/de\/wp-json\/wp\/v2\/comments?post=1290"}],"version-history":[{"count":9,"href":"https:\/\/boogie-festival.ch\/de\/wp-json\/wp\/v2\/pages\/1290\/revisions"}],"predecessor-version":[{"id":2889,"href":"https:\/\/boogie-festival.ch\/de\/wp-json\/wp\/v2\/pages\/1290\/revisions\/2889"}],"wp:attachment":[{"href":"https:\/\/boogie-festival.ch\/de\/wp-json\/wp\/v2\/media?parent=1290"}],"curies":[{"name":"wp","href":"https:\/\/api.w.org\/{rel}","templated":true}]}}